{"version":"1.0","provider_name":"SVH Fu\u00dfball","provider_url":"http:\/\/sv-heimstetten.com\/fussball","author_name":"Gesch\u00e4ftsstelle","author_url":"http:\/\/sv-heimstetten.com\/fussball\/author\/svh-geschftsstelle\/","title":"Regionalliga: bittere Niederlage - SVH Fu\u00dfball","type":"rich","width":600,"height":338,"html":"<blockquote class=\"wp-embedded-content\" data-secret=\"tizJF4AgK7\"><a href=\"http:\/\/sv-heimstetten.com\/fussball\/regionalliga-bittere-niederlage\/\">Regionalliga: bittere Niederlage<\/a><\/blockquote><iframe sandbox=\"allow-scripts\" security=\"restricted\" src=\"http:\/\/sv-heimstetten.com\/fussball\/regionalliga-bittere-niederlage\/embed\/#?secret=tizJF4AgK7\" width=\"600\" height=\"338\" title=\"&#8222;Regionalliga: bittere Niederlage&#8220; &#8211; SVH Fu\u00dfball\" data-secret=\"tizJF4AgK7\" frameborder=\"0\" marginwidth=\"0\" marginheight=\"0\" scrolling=\"no\" class=\"wp-embedded-content\"><\/iframe><script type=\"text\/javascript\">\n\/* <![CDATA[ *\/\n\/*! This file is auto-generated *\/\n!function(d,l){\"use strict\";l.querySelector&&d.addEventListener&&\"undefined\"!=typeof URL&&(d.wp=d.wp||{},d.wp.receiveEmbedMessage||(d.wp.receiveEmbedMessage=function(e){var t=e.data;if((t||t.secret||t.message||t.value)&&!\/[^a-zA-Z0-9]\/.test(t.secret)){for(var s,r,n,a=l.querySelectorAll('iframe[data-secret=\"'+t.secret+'\"]'),o=l.querySelectorAll('blockquote[data-secret=\"'+t.secret+'\"]'),c=new RegExp(\"^https?:$\",\"i\"),i=0;i<o.length;i++)o[i].style.display=\"none\";for(i=0;i<a.length;i++)s=a[i],e.source===s.contentWindow&&(s.removeAttribute(\"style\"),\"height\"===t.message?(1e3<(r=parseInt(t.value,10))?r=1e3:~~r<200&&(r=200),s.height=r):\"link\"===t.message&&(r=new URL(s.getAttribute(\"src\")),n=new URL(t.value),c.test(n.protocol))&&n.host===r.host&&l.activeElement===s&&(d.top.location.href=t.value))}},d.addEventListener(\"message\",d.wp.receiveEmbedMessage,!1),l.addEventListener(\"DOMContentLoaded\",function(){for(var e,t,s=l.querySelectorAll(\"iframe.wp-embedded-content\"),r=0;r<s.length;r++)(t=(e=s[r]).getAttribute(\"data-secret\"))||(t=Math.random().toString(36).substring(2,12),e.src+=\"#?secret=\"+t,e.setAttribute(\"data-secret\",t)),e.contentWindow.postMessage({message:\"ready\",secret:t},\"*\")},!1)))}(window,document);\n\/* ]]> *\/\n<\/script>\n","thumbnail_url":"http:\/\/sv-heimstetten.com\/fussball\/wp-content\/uploads\/sites\/2\/2023\/05\/Vorschau-Uebersicht-1080-\u00d7-721-px-940-\u00d7-721-px-6.jpg","thumbnail_width":940,"thumbnail_height":721,"description":"Heimstetten verliert 5:0 in Eichst\u00e4tt. Trainer Christoph Schmitt bezeichnet die Niederlage hinterher als \u201eeindeutig und verdient\u201c. Der Auftritt seiner Mannschaft ist an diesem Nachmittag ein St\u00fcck weit bezeichnend f\u00fcr die komplette Regionalligasaison des SV Heimstetten. Bereits fr\u00fch fangen sich die G\u00e4ste das erste Tor durch Julian K\u00fcgel, sind aber noch gut in der Partie. Meriton [&hellip;]"}