{"version":"1.0","provider_name":"SVH Fu\u00dfball","provider_url":"http:\/\/sv-heimstetten.com\/fussball","author_name":"Gesch\u00e4ftsstelle","author_url":"http:\/\/sv-heimstetten.com\/fussball\/author\/svh-geschftsstelle\/","title":"Regionalliga: Machtdemonstration des FC Bayern M\u00fcnchen II - SVH Fu\u00dfball","type":"rich","width":600,"height":338,"html":"<blockquote class=\"wp-embedded-content\" data-secret=\"5GiQ7H8nLl\"><a href=\"http:\/\/sv-heimstetten.com\/fussball\/regionalliga-machtdemonstration-des-fc-bayern-muenchen-ii\/\">Regionalliga: Machtdemonstration des FC Bayern M\u00fcnchen II<\/a><\/blockquote><iframe sandbox=\"allow-scripts\" security=\"restricted\" src=\"http:\/\/sv-heimstetten.com\/fussball\/regionalliga-machtdemonstration-des-fc-bayern-muenchen-ii\/embed\/#?secret=5GiQ7H8nLl\" width=\"600\" height=\"338\" title=\"&#8222;Regionalliga: Machtdemonstration des FC Bayern M\u00fcnchen II&#8220; &#8211; SVH Fu\u00dfball\" data-secret=\"5GiQ7H8nLl\" frameborder=\"0\" marginwidth=\"0\" marginheight=\"0\" scrolling=\"no\" class=\"wp-embedded-content\"><\/iframe><script type=\"text\/javascript\">\n\/* <![CDATA[ *\/\n\/*! This file is auto-generated *\/\n!function(d,l){\"use strict\";l.querySelector&&d.addEventListener&&\"undefined\"!=typeof URL&&(d.wp=d.wp||{},d.wp.receiveEmbedMessage||(d.wp.receiveEmbedMessage=function(e){var t=e.data;if((t||t.secret||t.message||t.value)&&!\/[^a-zA-Z0-9]\/.test(t.secret)){for(var s,r,n,a=l.querySelectorAll('iframe[data-secret=\"'+t.secret+'\"]'),o=l.querySelectorAll('blockquote[data-secret=\"'+t.secret+'\"]'),c=new RegExp(\"^https?:$\",\"i\"),i=0;i<o.length;i++)o[i].style.display=\"none\";for(i=0;i<a.length;i++)s=a[i],e.source===s.contentWindow&&(s.removeAttribute(\"style\"),\"height\"===t.message?(1e3<(r=parseInt(t.value,10))?r=1e3:~~r<200&&(r=200),s.height=r):\"link\"===t.message&&(r=new URL(s.getAttribute(\"src\")),n=new URL(t.value),c.test(n.protocol))&&n.host===r.host&&l.activeElement===s&&(d.top.location.href=t.value))}},d.addEventListener(\"message\",d.wp.receiveEmbedMessage,!1),l.addEventListener(\"DOMContentLoaded\",function(){for(var e,t,s=l.querySelectorAll(\"iframe.wp-embedded-content\"),r=0;r<s.length;r++)(t=(e=s[r]).getAttribute(\"data-secret\"))||(t=Math.random().toString(36).substring(2,12),e.src+=\"#?secret=\"+t,e.setAttribute(\"data-secret\",t)),e.contentWindow.postMessage({message:\"ready\",secret:t},\"*\")},!1)))}(window,document);\n\/* ]]> *\/\n<\/script>\n","thumbnail_url":"http:\/\/sv-heimstetten.com\/fussball\/wp-content\/uploads\/sites\/2\/2018\/10\/IMG_1282.jpg","thumbnail_width":640,"thumbnail_height":428,"description":"Am vergangenen\u00a0Freitagabend war der Topfavorit der Regionalliga Bayern zu Gast im Sportpark. Mit dem FC Bayern M\u00fcnchen II trat der Tabellenf\u00fchrer unserer Regionalliga-Mannschaft gegen\u00fcber. In der Anfangsphase hielt der SV Heimstetten ordentlich mit und hatte zwei ordentliche Chancen durch Orhan Akkurt. Nach individuellen fehlern lie\u00dfen sich die Tabellenf\u00fchrer nicht zweimal bitte und nutzen diese Geschenke [&hellip;]"}