{"version":"1.0","provider_name":"SVH Fu\u00dfball","provider_url":"http:\/\/sv-heimstetten.com\/fussball","author_name":"Gesch\u00e4ftsstelle","author_url":"http:\/\/sv-heimstetten.com\/fussball\/author\/svh-geschftsstelle\/","title":"Regionalliga: SVH \"ausw\u00e4rts\" gegen T\u00fcrkg\u00fcc\u00fc M\u00fcnchen - SVH Fu\u00dfball","type":"rich","width":600,"height":338,"html":"<blockquote class=\"wp-embedded-content\" data-secret=\"cVri7WfzDS\"><a href=\"http:\/\/sv-heimstetten.com\/fussball\/regionalliga-svh-auswaerts-gegen-tuerkguecue-muenchen\/\">Regionalliga: SVH &#8222;ausw\u00e4rts&#8220; gegen T\u00fcrkg\u00fcc\u00fc M\u00fcnchen<\/a><\/blockquote><iframe sandbox=\"allow-scripts\" security=\"restricted\" src=\"http:\/\/sv-heimstetten.com\/fussball\/regionalliga-svh-auswaerts-gegen-tuerkguecue-muenchen\/embed\/#?secret=cVri7WfzDS\" width=\"600\" height=\"338\" title=\"&#8222;Regionalliga: SVH &#8222;ausw\u00e4rts&#8220; gegen T\u00fcrkg\u00fcc\u00fc M\u00fcnchen&#8220; &#8211; SVH Fu\u00dfball\" data-secret=\"cVri7WfzDS\" frameborder=\"0\" marginwidth=\"0\" marginheight=\"0\" scrolling=\"no\" class=\"wp-embedded-content\"><\/iframe><script type=\"text\/javascript\">\n\/* <![CDATA[ *\/\n\/*! This file is auto-generated *\/\n!function(d,l){\"use strict\";l.querySelector&&d.addEventListener&&\"undefined\"!=typeof URL&&(d.wp=d.wp||{},d.wp.receiveEmbedMessage||(d.wp.receiveEmbedMessage=function(e){var t=e.data;if((t||t.secret||t.message||t.value)&&!\/[^a-zA-Z0-9]\/.test(t.secret)){for(var s,r,n,a=l.querySelectorAll('iframe[data-secret=\"'+t.secret+'\"]'),o=l.querySelectorAll('blockquote[data-secret=\"'+t.secret+'\"]'),c=new RegExp(\"^https?:$\",\"i\"),i=0;i<o.length;i++)o[i].style.display=\"none\";for(i=0;i<a.length;i++)s=a[i],e.source===s.contentWindow&&(s.removeAttribute(\"style\"),\"height\"===t.message?(1e3<(r=parseInt(t.value,10))?r=1e3:~~r<200&&(r=200),s.height=r):\"link\"===t.message&&(r=new URL(s.getAttribute(\"src\")),n=new URL(t.value),c.test(n.protocol))&&n.host===r.host&&l.activeElement===s&&(d.top.location.href=t.value))}},d.addEventListener(\"message\",d.wp.receiveEmbedMessage,!1),l.addEventListener(\"DOMContentLoaded\",function(){for(var e,t,s=l.querySelectorAll(\"iframe.wp-embedded-content\"),r=0;r<s.length;r++)(t=(e=s[r]).getAttribute(\"data-secret\"))||(t=Math.random().toString(36).substring(2,12),e.src+=\"#?secret=\"+t,e.setAttribute(\"data-secret\",t)),e.contentWindow.postMessage({message:\"ready\",secret:t},\"*\")},!1)))}(window,document);\n\/* ]]> *\/\n<\/script>\n","thumbnail_url":"https:\/\/sv-heimstetten.com\/fussball\/wp-content\/uploads\/sites\/2\/2019\/09\/IMG_3462.jpg","thumbnail_width":1024,"thumbnail_height":683,"description":"Am Samstag um 14.00 Uhr steht f\u00fcr den SVH ein besonderes Spiel an. Zum einen geht es gegen den Tabellenersten, den ambitionierten Aufsteiger T\u00fcrkg\u00fcc\u00fc M\u00fcnchen, andererseits spielt der SVH ausw\u00e4rts, aber auf eigenem Platz. Um Regionalliga spielen zu k\u00f6nnen, wich T\u00fcrkg\u00fcc\u00fc auf den Sportpark Heimstetten aus und tr\u00e4gt dort seine Heimspiele aus. Die Ausgangslage hat [&hellip;]"}