{"version":"1.0","provider_name":"SVH Fu\u00dfball","provider_url":"http:\/\/sv-heimstetten.com\/fussball","author_name":"Gesch\u00e4ftsstelle","author_url":"http:\/\/sv-heimstetten.com\/fussball\/author\/svh-geschftsstelle\/","title":"SVH: Neue Abteilungsleitung der Abteilung Fu\u00dfball - SVH Fu\u00dfball","type":"rich","width":600,"height":338,"html":"<blockquote class=\"wp-embedded-content\" data-secret=\"yQDJdzqt6t\"><a href=\"http:\/\/sv-heimstetten.com\/fussball\/svh-neue-abteilungsleitung-der-abteilung-fussball\/\">SVH: Neue Abteilungsleitung der Abteilung Fu\u00dfball<\/a><\/blockquote><iframe sandbox=\"allow-scripts\" security=\"restricted\" src=\"http:\/\/sv-heimstetten.com\/fussball\/svh-neue-abteilungsleitung-der-abteilung-fussball\/embed\/#?secret=yQDJdzqt6t\" width=\"600\" height=\"338\" title=\"&#8222;SVH: Neue Abteilungsleitung der Abteilung Fu\u00dfball&#8220; &#8211; SVH Fu\u00dfball\" data-secret=\"yQDJdzqt6t\" frameborder=\"0\" marginwidth=\"0\" marginheight=\"0\" scrolling=\"no\" class=\"wp-embedded-content\"><\/iframe><script type=\"text\/javascript\">\n\/* <![CDATA[ *\/\n\/*! This file is auto-generated *\/\n!function(d,l){\"use strict\";l.querySelector&&d.addEventListener&&\"undefined\"!=typeof URL&&(d.wp=d.wp||{},d.wp.receiveEmbedMessage||(d.wp.receiveEmbedMessage=function(e){var t=e.data;if((t||t.secret||t.message||t.value)&&!\/[^a-zA-Z0-9]\/.test(t.secret)){for(var s,r,n,a=l.querySelectorAll('iframe[data-secret=\"'+t.secret+'\"]'),o=l.querySelectorAll('blockquote[data-secret=\"'+t.secret+'\"]'),c=new RegExp(\"^https?:$\",\"i\"),i=0;i<o.length;i++)o[i].style.display=\"none\";for(i=0;i<a.length;i++)s=a[i],e.source===s.contentWindow&&(s.removeAttribute(\"style\"),\"height\"===t.message?(1e3<(r=parseInt(t.value,10))?r=1e3:~~r<200&&(r=200),s.height=r):\"link\"===t.message&&(r=new URL(s.getAttribute(\"src\")),n=new URL(t.value),c.test(n.protocol))&&n.host===r.host&&l.activeElement===s&&(d.top.location.href=t.value))}},d.addEventListener(\"message\",d.wp.receiveEmbedMessage,!1),l.addEventListener(\"DOMContentLoaded\",function(){for(var e,t,s=l.querySelectorAll(\"iframe.wp-embedded-content\"),r=0;r<s.length;r++)(t=(e=s[r]).getAttribute(\"data-secret\"))||(t=Math.random().toString(36).substring(2,12),e.src+=\"#?secret=\"+t,e.setAttribute(\"data-secret\",t)),e.contentWindow.postMessage({message:\"ready\",secret:t},\"*\")},!1)))}(window,document);\n\/* ]]> *\/\n<\/script>\n","thumbnail_url":"http:\/\/sv-heimstetten.com\/fussball\/wp-content\/uploads\/sites\/2\/2019\/06\/Wappen.jpg","thumbnail_width":721,"thumbnail_height":730,"description":"Liebe Mitglieder der Fu\u00dfballabteilung, nach einer turbulenten Zeit vor und w\u00e4hrend der anhaltenden Corona Pandemie, haben sich einige Neuerungen in der Fu\u00dfballabteilung ergeben. Stephan Rehme, der das Amt des Abteilungsleiters vor knapp zwei Jahren \u00fcbernommen hat, hat sich zur\u00fcckgezogen. Er wird dem Verein aber weiterhin mit Rat und Tat zur Verf\u00fcgung stehen. Daher war es [&hellip;]"}