{"version":"1.0","provider_name":"SVH Fu\u00dfball","provider_url":"https:\/\/sv-heimstetten.com\/fussball","author_name":"Gesch\u00e4ftsstelle","author_url":"https:\/\/sv-heimstetten.com\/fussball\/author\/svh-geschftsstelle\/","title":"Regionalliga: M\u00fcnchner Privatduell - SVH Fu\u00dfball","type":"rich","width":600,"height":338,"html":"<blockquote class=\"wp-embedded-content\" data-secret=\"OBlSFPkeKs\"><a href=\"https:\/\/sv-heimstetten.com\/fussball\/regionalliga-muenchner-privatduell\/\">Regionalliga: M\u00fcnchner Privatduell<\/a><\/blockquote><iframe sandbox=\"allow-scripts\" security=\"restricted\" src=\"https:\/\/sv-heimstetten.com\/fussball\/regionalliga-muenchner-privatduell\/embed\/#?secret=OBlSFPkeKs\" width=\"600\" height=\"338\" title=\"&#8222;Regionalliga: M\u00fcnchner Privatduell&#8220; &#8211; SVH Fu\u00dfball\" data-secret=\"OBlSFPkeKs\" frameborder=\"0\" marginwidth=\"0\" marginheight=\"0\" scrolling=\"no\" class=\"wp-embedded-content\"><\/iframe><script type=\"text\/javascript\">\n\/* <![CDATA[ *\/\n\/*! This file is auto-generated *\/\n!function(d,l){\"use strict\";l.querySelector&&d.addEventListener&&\"undefined\"!=typeof URL&&(d.wp=d.wp||{},d.wp.receiveEmbedMessage||(d.wp.receiveEmbedMessage=function(e){var t=e.data;if((t||t.secret||t.message||t.value)&&!\/[^a-zA-Z0-9]\/.test(t.secret)){for(var s,r,n,a=l.querySelectorAll('iframe[data-secret=\"'+t.secret+'\"]'),o=l.querySelectorAll('blockquote[data-secret=\"'+t.secret+'\"]'),c=new RegExp(\"^https?:$\",\"i\"),i=0;i<o.length;i++)o[i].style.display=\"none\";for(i=0;i<a.length;i++)s=a[i],e.source===s.contentWindow&&(s.removeAttribute(\"style\"),\"height\"===t.message?(1e3<(r=parseInt(t.value,10))?r=1e3:~~r<200&&(r=200),s.height=r):\"link\"===t.message&&(r=new URL(s.getAttribute(\"src\")),n=new URL(t.value),c.test(n.protocol))&&n.host===r.host&&l.activeElement===s&&(d.top.location.href=t.value))}},d.addEventListener(\"message\",d.wp.receiveEmbedMessage,!1),l.addEventListener(\"DOMContentLoaded\",function(){for(var e,t,s=l.querySelectorAll(\"iframe.wp-embedded-content\"),r=0;r<s.length;r++)(t=(e=s[r]).getAttribute(\"data-secret\"))||(t=Math.random().toString(36).substring(2,12),e.src+=\"#?secret=\"+t,e.setAttribute(\"data-secret\",t)),e.contentWindow.postMessage({message:\"ready\",secret:t},\"*\")},!1)))}(window,document);\n\/* ]]> *\/\n<\/script>\n","thumbnail_url":"https:\/\/sv-heimstetten.com\/fussball\/wp-content\/uploads\/sites\/2\/2021\/11\/Screenshot-29-e1662724965943.jpg","thumbnail_width":1024,"thumbnail_height":685,"description":"SVH zu Gast bei den Bayern Amateuren Nach miserablem Saisonauftakt f\u00fcr den SV Heimstetten werden nun dringend Punkte ben\u00f6tigt, um den Anschluss an das sichere Ufer nicht zu verlieren. Dazu geht es am Samstag, den 10.09.2022 ins Gr\u00fcnwalder Stadion zu den kleinen Bayern. Das Punkte holen auch gegen die hoch deklarierten Amateure des FC Bayern [&hellip;]"}